{"id":885,"date":"2022-10-05T12:25:39","date_gmt":"2022-10-05T12:25:39","guid":{"rendered":"https:\/\/www.saljpoolen.se\/?page_id=885"},"modified":"2024-10-07T12:17:56","modified_gmt":"2024-10-07T12:17:56","slug":"vi-ar-saljpoolen","status":"publish","type":"page","link":"https:\/\/www.saljpoolen.se\/sv\/vi-ar-saljpoolen","title":{"rendered":"Vi \u00e4r S\u00e4ljpoolen"},"content":{"rendered":"\n<div class=\"header-img d-flex justify-content-center align-items-center small-header\" style=\"background-image:url(https:\/\/www.saljpoolen.se\/wp-content\/uploads\/2022\/11\/vi-ar-saljpoolen-0000.jpg)\"><div class=\"container mx-auto px-0 d-flex\"><div class=\"col col-12 position-relative m-auto px-0 d-flex align-items-start flex-column\"><h1 class=\"substitutional small-h1 text-center col-12 col-md-8 mx-auto text-white\" data-substitutions=\"\"><strong><strong><strong><strong>Vi \u00e4r S\u00e4ljpoolen<\/strong><\/strong><\/strong><\/strong><\/h1><div class=\"btns-container d-flex null\"><\/div><\/div><\/div><\/div>\n\n\n\n<div class=\"wp-block-noor-blocks-section section code-f8f7f7-background code-f8f7f7-md-background code-f8f7f7-lg-background py-128\" style=\"background-image:none;background-size:auto 100%\"><div class=\"zoom-bg\"><\/div>\n<div class=\"wp-block-noor-blocks-container container\">\n<div class=\"wp-block-group col-12 col-md-6 m-auto my-32-0-0 is-vertical is-layout-flex wp-container-core-group-is-layout-fe9cc265 wp-block-group-is-layout-flex\" style=\"border-style:none;border-width:0px\">\n<h2 class=\"wp-block-heading has-heading-primary-color has-text-color\"><strong><strong>V\u00e5r historia<\/strong><\/strong><\/h2>\n\n\n\n<p class=\"link-not-underline has-content-text-dark-color has-text-color\"><a href=\"https:\/\/www.saljpoolen.se\">S\u00e4ljpoolen<\/a> grundades 1995 och redan fr\u00e5n start har vi ansett att personliga egenskaper kan v\u00e4ga tyngre \u00e4n tidigare erfarenheter. Baserat p\u00e5 detta har vi fokuserat p\u00e5 att bygga upp ett stort och brett n\u00e4tverk av kandidater nischat mot s\u00e4lj och marknad. V\u00e5rt fokus har tagit oss till att vara det f\u00f6retag i Sverige som tills\u00e4tter flest s\u00e4ljroller samt ledare och specialister inom s\u00e4lj och marknad.&nbsp;<\/p>\n<\/div>\n\n\n\n<div class=\"wp-block-noor-blocks-timeline-secondary timeline-secondary\">\n<div class=\"wp-block-noor-blocks-group noor-group\">\n<div class=\"wp-block-group card py-48-24-32 px-48-32-16 has-button-secondary-background-color has-background is-vertical is-layout-flex wp-container-core-group-is-layout-fe9cc265 wp-block-group-is-layout-flex\">\n<div class=\"wp-block-group is-layout-flow wp-block-group-is-layout-flow\">\n<p class=\"has-single-title-color has-text-color\" style=\"font-size:46px;font-style:normal;font-weight:700;line-height:1.3\">1995<\/p>\n<\/div>\n\n\n\n<hr class=\"wp-block-separator has-text-color has-header-primary-icon-background-color has-alpha-channel-opacity has-header-primary-icon-background-background-color has-background is-style-default w-100 mb-24-16-16\"\/>\n\n\n\n<div class=\"wp-block-group is-layout-flow wp-block-group-is-layout-flow\">\n<p class=\"has-content-text-dark-color has-text-color has-medium-font-size\" style=\"font-style:normal;font-weight:400;line-height:1.3\"><strong>S\u00e4ljpoolen grundades med start i G\u00f6teborg.<\/strong><\/p>\n<\/div>\n<\/div>\n<\/div>\n\n\n\n<div class=\"wp-block-noor-blocks-group noor-group\">\n<div class=\"wp-block-group card py-48-24-32 px-48-32-16 has-button-secondary-background-color has-background is-vertical is-layout-flex wp-container-core-group-is-layout-fe9cc265 wp-block-group-is-layout-flex\">\n<div class=\"wp-block-group is-layout-flow wp-block-group-is-layout-flow\">\n<p class=\"has-single-title-color has-text-color\" style=\"font-size:46px;font-style:normal;font-weight:700;line-height:1.3\">1997<\/p>\n<\/div>\n\n\n\n<hr class=\"wp-block-separator has-text-color has-header-primary-icon-background-color has-alpha-channel-opacity has-header-primary-icon-background-background-color has-background is-style-default w-100 mb-24-16-16\"\/>\n\n\n\n<div class=\"wp-block-group is-layout-flow wp-block-group-is-layout-flow\">\n<p class=\"has-content-text-dark-color has-text-color has-medium-font-size\" style=\"font-style:normal;font-weight:400;line-height:1.3\"><strong>\u00d6ppnade kontor i Stockholm och Malm\u00f6.&nbsp;<\/strong><\/p>\n<\/div>\n<\/div>\n<\/div>\n\n\n\n<div class=\"wp-block-noor-blocks-group noor-group\">\n<div class=\"wp-block-group card py-48-24-32 px-48-32-16 has-button-secondary-background-color has-background is-vertical is-layout-flex wp-container-core-group-is-layout-fe9cc265 wp-block-group-is-layout-flex\">\n<div class=\"wp-block-group is-layout-flow wp-block-group-is-layout-flow\">\n<p class=\"has-single-title-color has-text-color\" style=\"font-size:46px;font-style:normal;font-weight:700;line-height:1.3\">2005<\/p>\n<\/div>\n\n\n\n<hr class=\"wp-block-separator has-text-color has-header-primary-icon-background-color has-alpha-channel-opacity has-header-primary-icon-background-background-color has-background is-style-default w-100 mb-24-16-16\"\/>\n\n\n\n<div class=\"wp-block-group is-layout-flow wp-block-group-is-layout-flow\">\n<p class=\"has-content-text-dark-color has-text-color has-medium-font-size\" style=\"font-style:normal;font-weight:400;line-height:1.3\"><strong>10-\u00e5rsjubileum och lansering av rekryteringsverktyget Masterhelp.&nbsp;<\/strong><\/p>\n<\/div>\n<\/div>\n<\/div>\n\n\n\n<div class=\"wp-block-noor-blocks-group noor-group\">\n<div class=\"wp-block-group card py-48-24-32 px-48-32-16 has-button-secondary-background-color has-background is-vertical is-layout-flex wp-container-core-group-is-layout-fe9cc265 wp-block-group-is-layout-flex\">\n<div class=\"wp-block-group is-layout-flow wp-block-group-is-layout-flow\">\n<p class=\"has-single-title-color has-text-color\" style=\"font-size:46px;font-style:normal;font-weight:700;line-height:1.3\">2010<\/p>\n<\/div>\n\n\n\n<hr class=\"wp-block-separator has-text-color has-header-primary-icon-background-color has-alpha-channel-opacity has-header-primary-icon-background-background-color has-background is-style-default w-100 mb-24-16-16\"\/>\n\n\n\n<div class=\"wp-block-group is-layout-flow wp-block-group-is-layout-flow\">\n<p class=\"has-content-text-dark-color has-text-color has-medium-font-size\" style=\"font-style:normal;font-weight:400;line-height:1.3\"><strong>Systerf\u00f6retaget <a href=\"https:\/\/www.intenso.se\/sv\" target=\"_blank\" rel=\"noreferrer noopener\">Intenso Teknikrekrytering<\/a> startades.<\/strong><\/p>\n<\/div>\n<\/div>\n<\/div>\n\n\n\n<div class=\"wp-block-noor-blocks-group noor-group\">\n<div class=\"wp-block-group card py-48-24-32 px-48-32-16 has-button-secondary-background-color has-background is-vertical is-layout-flex wp-container-core-group-is-layout-fe9cc265 wp-block-group-is-layout-flex\">\n<div class=\"wp-block-group is-layout-flow wp-block-group-is-layout-flow\">\n<p class=\"has-single-title-color has-text-color\" style=\"font-size:46px;font-style:normal;font-weight:700;line-height:1.3\">2015 <\/p>\n<\/div>\n\n\n\n<hr class=\"wp-block-separator has-text-color has-header-primary-icon-background-color has-alpha-channel-opacity has-header-primary-icon-background-background-color has-background is-style-default w-100 mb-24-16-16\"\/>\n\n\n\n<div class=\"wp-block-group is-layout-flow wp-block-group-is-layout-flow\">\n<p class=\"has-content-text-dark-color has-text-color has-medium-font-size\" style=\"font-style:normal;font-weight:400;line-height:1.3\"><strong>20-\u00e5rsjubileum och ny \u00e4garkonstellation.&nbsp;<\/strong><\/p>\n<\/div>\n<\/div>\n<\/div>\n\n\n\n<div class=\"wp-block-noor-blocks-group noor-group\">\n<div class=\"wp-block-group card py-48-24-32 px-48-32-16 has-button-secondary-background-color has-background is-vertical is-layout-flex wp-container-core-group-is-layout-fe9cc265 wp-block-group-is-layout-flex\">\n<div class=\"wp-block-group is-layout-flow wp-block-group-is-layout-flow\">\n<p class=\"has-single-title-color has-text-color\" style=\"font-size:46px;font-style:normal;font-weight:700;line-height:1.3\">2020<\/p>\n<\/div>\n\n\n\n<hr class=\"wp-block-separator has-text-color has-header-primary-icon-background-color has-alpha-channel-opacity has-header-primary-icon-background-background-color has-background is-style-default w-100 mb-24-16-16\"\/>\n\n\n\n<div class=\"wp-block-group is-layout-flow wp-block-group-is-layout-flow\">\n<p class=\"has-content-text-dark-color has-text-color has-medium-font-size\" style=\"font-style:normal;font-weight:400;line-height:1.3\"><strong>Kulturf\u00f6r\u00e4ndring inom hela koncernen, Intensogruppen, med fokus p\u00e5 samarbete.&nbsp;<\/strong><\/p>\n<\/div>\n<\/div>\n<\/div>\n\n\n\n<div class=\"wp-block-noor-blocks-group noor-group\">\n<div class=\"wp-block-group card py-48-24-32 px-48-32-16 has-button-secondary-background-color has-background is-vertical is-layout-flex wp-container-core-group-is-layout-fe9cc265 wp-block-group-is-layout-flex\">\n<div class=\"wp-block-group is-layout-flow wp-block-group-is-layout-flow\">\n<p class=\"has-single-title-color has-text-color\" style=\"font-size:46px;font-style:normal;font-weight:700;line-height:1.3\">2021<\/p>\n<\/div>\n\n\n\n<hr class=\"wp-block-separator has-text-color has-header-primary-icon-background-color has-alpha-channel-opacity has-header-primary-icon-background-background-color has-background is-style-default w-100 mb-24-16-16\"\/>\n\n\n\n<div class=\"wp-block-group is-layout-flow wp-block-group-is-layout-flow\">\n<p class=\"has-content-text-dark-color has-text-color has-medium-font-size\" style=\"font-style:normal;font-weight:400;line-height:1.3\"><strong>\u00d6ppnade kontor i J\u00f6nk\u00f6ping<\/strong>.<\/p>\n<\/div>\n<\/div>\n<\/div>\n\n\n\n<div class=\"wp-block-noor-blocks-group noor-group\">\n<div class=\"wp-block-group card py-48-24-32 px-48-32-16 has-button-secondary-background-color has-background is-vertical is-layout-flex wp-container-core-group-is-layout-fe9cc265 wp-block-group-is-layout-flex\">\n<div class=\"wp-block-group is-layout-flow wp-block-group-is-layout-flow\">\n<p class=\"has-single-title-color has-text-color\" style=\"font-size:46px;font-style:normal;font-weight:700;line-height:1.3\">2022<\/p>\n<\/div>\n\n\n\n<hr class=\"wp-block-separator has-text-color has-header-primary-icon-background-color has-alpha-channel-opacity has-header-primary-icon-background-background-color has-background is-style-default w-100 mb-24-16-16\"\/>\n\n\n\n<div class=\"wp-block-group is-layout-flow wp-block-group-is-layout-flow\">\n<p class=\"has-content-text-dark-color has-text-color has-medium-font-size\" style=\"font-style:normal;font-weight:400;line-height:1.3\"><strong>Nya del\u00e4gare<\/strong>.<\/p>\n<\/div>\n<\/div>\n<\/div>\n<\/div>\n<\/div>\n<\/div>\n\n\n\n<div class=\"wp-block-noor-blocks-container container-fluid py-64-64-64 has-header-primary-icon-background-background-color has-background\">\n<h2 class=\"wp-block-heading text-center\"><strong>V\u00e4rdeord<\/strong><\/h2>\n\n\n\n<div class=\"wp-block-noor-blocks-slider-container positoin-relative slider-container vertical-middle position-content-left slider-type-2 py-48-48-32\"><div class=\"swiper swiperSliders\" data-centeredslides=\"false\" data-autoplay=\"false\" data-autoplay-md=\"true\" data-autoplay-sm=\"true\" data-speed=\"1000\" data-delay=\"6000\" data-loop=\"true\" data-slideperview=\"1\" data-slideperview-sm=\"1\" data-slideperview-md=\"1\" data-spacebetween=\"10\" data-spacebetween-sm=\"10\" data-spacebetween-md=\"10\" data-freemode=\"false\"><div class=\"swiper-wrapper\">\n<div class=\"swiper-slide\"><div class=\"wrapper\"><div class=\"image\"><img decoding=\"async\" src=\"https:\/\/www.saljpoolen.se\/wp-content\/uploads\/2022\/11\/vi-ar-saljpoolen-6.jpg\"\/><\/div><div class=\"wrapper-content\"><div class=\"wp-block-noor-blocks-slider-child content py-48-48-32\">\n<h3 class=\"wp-block-heading has-header-text-primary-color has-text-color\">Tillsammans <\/h3>\n\n\n\n<h3 class=\"wp-block-heading has-header-text-primary-color has-text-color\" style=\"font-size:18px\">\u201dLet\u2019s do business together\u201d<\/h3>\n\n\n\n<p class=\"has-content-text-dark-color has-text-color\" style=\"font-size:16px\">Vi \u00e4r \u00f6vertygade om att samarbete, internt som externt, \u00e4r den b\u00e4sta v\u00e4gen fram\u00e5t. Det inneb\u00e4r att vi m\u00f6jligg\u00f6r stor nytta b\u00e5de internt och externt genom att involvera fler personer p\u00e5 samma uppgift och att tillsammans med v\u00e5ra kunder ing\u00e5 i partnerskap med breda kontaktytor. Detta har resulterat i att vi har f\u00e5tt ett b\u00e4ttre arbetsklimat, effektivare processer och n\u00f6jdare kunder.<\/p>\n<\/div><\/div><\/div><\/div>\n\n\n\n<div class=\"swiper-slide\"><div class=\"wrapper\"><div class=\"image\"><img decoding=\"async\" src=\"https:\/\/www.saljpoolen.se\/wp-content\/uploads\/2024\/03\/marie-gummerus-1.jpg\"\/><\/div><div class=\"wrapper-content\"><div class=\"wp-block-noor-blocks-slider-child content py-48-48-32\">\n<h3 class=\"wp-block-heading has-header-text-primary-color has-text-color\">Professionalism<\/h3>\n\n\n\n<p class=\"has-content-text-dark-color has-text-color\" style=\"font-size:16px\">Ett professionellt bem\u00f6tande \u00e4r nyckeln till framg\u00e5ng i v\u00e5r bransch. Det g\u00e4ller b\u00e5de gentemot kandidater, kunder och andra samarbetspartners. Utg\u00e5ngspunkten att alltid bem\u00f6ta v\u00e5ra kandidater som vi sj\u00e4lva hade velat bli bem\u00f6tta g\u00f6r oss framg\u00e5ngsrika i v\u00e5r rekryteringsprocess. Med lyckosamma processer f\u00e5r vi m\u00e5nga n\u00f6jda kunder, n\u00e5got som \u00e4r en f\u00f6ruts\u00e4ttning f\u00f6r v\u00e5r fortsatta framg\u00e5ng.&nbsp;&nbsp;<\/p>\n<\/div><\/div><\/div><\/div>\n\n\n\n<div class=\"swiper-slide\"><div class=\"wrapper\"><div class=\"image\"><img decoding=\"async\" src=\"https:\/\/www.saljpoolen.se\/wp-content\/uploads\/2022\/11\/vi-ar-saljpoolen-4.jpg\"\/><\/div><div class=\"wrapper-content\"><div class=\"wp-block-noor-blocks-slider-child content py-48-48-32\">\n<h3 class=\"wp-block-heading has-header-text-primary-color has-text-color\">Gl\u00e4dje<\/h3>\n\n\n\n<p class=\"has-content-text-dark-color has-text-color\" style=\"font-size:16px\">Vi arbetar aktivt med att f\u00e5 en trivsam f\u00f6retagskultur som hj\u00e4lper till att skapa en motiverande och bra arbetsmilj\u00f6. Vi vill framkalla en genuin vilja hos v\u00e5ra medarbetare, s\u00e5 att de alltid vill g\u00f6ra det lilla extra f\u00f6r s\u00e5v\u00e4l kandidater som kunder. Vi \u00e4r optimistiska och modiga och ser positivt p\u00e5 morgondagens m\u00f6jligheter. Det \u00e4r gl\u00e4dje som hj\u00e4lper oss att vara l\u00f6sningsorienterade, v\u00e4lkomnande och engagerade i allt vi tar oss an.<\/p>\n<\/div><\/div><\/div><\/div>\n<\/div><div class=\"swiper-pagination\"><\/div><div class=\"swiper-button-next\"><svg width=\"30\" height=\"24\" viewBox=\"0 0 30 24\" xmlns=\"http:\/\/www.w3.org\/2000\/svg\"><path d=\"M29.0607 13.0607C29.6464 12.4749 29.6464 11.5251 29.0607 10.9393L19.5147 1.3934C18.9289 0.807613 17.9792 0.807613 17.3934 1.3934C16.8076 1.97919 16.8076 2.92893 17.3934 3.51472L25.8787 12L17.3934 20.4853C16.8076 21.0711 16.8076 22.0208 17.3934 22.6066C17.9792 23.1924 18.9289 23.1924 19.5147 22.6066L29.0607 13.0607ZM-1.31134e-07 13.5L28 13.5L28 10.5L1.31134e-07 10.5L-1.31134e-07 13.5Z\" fill=\"currentColor\"><\/path><\/svg><\/div><div class=\"swiper-button-prev\"><svg width=\"30\" height=\"24\" viewBox=\"0 0 30 24\" xmlns=\"http:\/\/www.w3.org\/2000\/svg\"><path d=\"M0.939341 13.0607C0.353554 12.4749 0.353554 11.5251 0.93934 10.9393L10.4853 1.3934C11.0711 0.807613 12.0208 0.807613 12.6066 1.3934C13.1924 1.97919 13.1924 2.92893 12.6066 3.51472L4.12132 12L12.6066 20.4853C13.1924 21.0711 13.1924 22.0208 12.6066 22.6066C12.0208 23.1924 11.0711 23.1924 10.4853 22.6066L0.939341 13.0607ZM30 13.5L2 13.5L2 10.5L30 10.5L30 13.5Z\" fill=\"currentColor\"><\/path><\/svg><\/div><\/div><\/div>\n<\/div>\n\n\n\n<div class=\"wp-block-noor-blocks-section section code-f1eeeb-background code-f1eeeb-md-background code-f1eeeb-lg-background py-96\" style=\"background-image:none;background-size:auto 100%\"><div class=\"zoom-bg\"><\/div>\n<div class=\"wp-block-group col-12 col-md-6 m-auto my-32-0-0 has-content-text-dark-color has-text-color is-vertical is-layout-flex wp-container-core-group-is-layout-fe9cc265 wp-block-group-is-layout-flex\">\n<h2 class=\"wp-block-heading\">Varf\u00f6r ska ni v\u00e4lja oss?<\/h2>\n\n\n\n<p>Vi \u00e4r Sveriges \u00e4ldsta rekryteringsbyr\u00e5 inom s\u00e4lj och marknad, och \u00e4r idag rikst\u00e4ckande med fyra lokala kontor runt om i landet. Vi har som m\u00e5l att ni som kunder och kandidater alltid ska st\u00e5 som vinnare n\u00e4r ni ing\u00e5r ett samarbete med oss.<\/p>\n\n\n\n<div style=\"height:0px\" aria-hidden=\"true\" class=\"wp-block-spacer wp-container-content-cf2db169\"><\/div>\n\n\n\n<a href=\"https:\/\/www.saljpoolen.se\/varfor-saljpoolen\" class=\"wp-block-noor-blocks-button btn btn-primary\" rel=\"noopener\">L\u00e4s om hur vi kan hj\u00e4lpa er<svg class=\"ml-2 link-icon arrow\" xmlns=\"http:\/\/www.w3.org\/2000\/svg\" viewBox=\"0 0 24 24\" width=\"24\" height=\"24\" fill=\"none\"><path d=\"M20.16,12.53a.75.75,0,0,0,0-1.06L15.38,6.7a.74.74,0,0,0-1.06,0,.75.75,0,0,0,0,1.06L18.56,12l-4.24,4.24a.75.75,0,0,0,0,1.06.74.74,0,0,0,1.06,0Zm-16.53.22h16v-1.5h-16Z\" fill=\"currentColor\"><\/path><\/svg> <svg class=\"ml-2 hover-icon circle-arrow\" xmlns=\"http:\/\/www.w3.org\/2000\/svg\" viewBox=\"0 0 24 24\" width=\"24\" height=\"24\" fill=\"currentColor\"><defs><clipPath id=\"clip-path\"><rect id=\"SVGID\" x=\"6.46\" y=\"6.46\" width=\"11.08\" height=\"11.08\" fill=\"none\"><\/rect><\/clipPath><\/defs><g clip-path=\"url(#clip-path)\"><path class=\"cls-4\" d=\"M15.09,12a1.11,1.11,0,0,0-.33-.78L10,6.46,8.93,7.54,13.39,12,8.93,16.46,10,17.54l4.75-4.76A1.09,1.09,0,0,0,15.09,12Z\" fill=\"currentColor\"><\/path><\/g><path style=\"opacity:0.2;isolation:isolate\" d=\"M12,24A12,12,0,1,1,24,12,12,12,0,0,1,12,24Z\"><\/path><\/svg><\/a>\n<\/div>\n<\/div>\n","protected":false},"excerpt":{"rendered":"","protected":false},"author":1,"featured_media":0,"parent":0,"menu_order":0,"comment_status":"closed","ping_status":"closed","template":"","meta":{"footnotes":""},"class_list":["post-885","page","type-page","status-publish","hentry"],"yoast_head":"<!-- This site is optimized with the Yoast SEO plugin v27.3 - https:\/\/yoast.com\/product\/yoast-seo-wordpress\/ -->\n<title>Vi \u00e4r S\u00e4ljpoolen | S\u00e4ljpoolen<\/title>\n<meta name=\"description\" content=\"V\u00e5rt fokus har tagit oss till att vara det f\u00f6retag i Sverige som tills\u00e4tter flest s\u00e4ljroller samt ledare och specialister inom s\u00e4lj och marknad.\" \/>\n<meta name=\"robots\" content=\"index, follow, max-snippet:-1, max-image-preview:large, max-video-preview:-1\" \/>\n<link rel=\"canonical\" href=\"https:\/\/www.saljpoolen.se\/sv\/vi-ar-saljpoolen\" \/>\n<meta property=\"og:locale\" content=\"sv_SE\" \/>\n<meta property=\"og:type\" content=\"article\" \/>\n<meta property=\"og:title\" content=\"Vi \u00e4r S\u00e4ljpoolen | S\u00e4ljpoolen\" \/>\n<meta property=\"og:description\" content=\"V\u00e5rt fokus har tagit oss till att vara det f\u00f6retag i Sverige som tills\u00e4tter flest s\u00e4ljroller samt ledare och specialister inom s\u00e4lj och marknad.\" \/>\n<meta property=\"og:url\" content=\"https:\/\/www.saljpoolen.se\/sv\/vi-ar-saljpoolen\" \/>\n<meta property=\"og:site_name\" content=\"S\u00e4ljpoolen\" \/>\n<meta property=\"article:publisher\" content=\"https:\/\/www.facebook.com\/intensogruppen\" \/>\n<meta property=\"article:modified_time\" content=\"2024-10-07T12:17:56+00:00\" \/>\n<meta property=\"og:image\" content=\"https:\/\/www.saljpoolen.se\/wp-content\/uploads\/2022\/11\/vi-ar-saljpoolen-6.jpg\" \/>\n<meta name=\"twitter:card\" content=\"summary_large_image\" \/>\n<meta name=\"twitter:label1\" content=\"Ber\u00e4knad l\u00e4stid\" \/>\n\t<meta name=\"twitter:data1\" content=\"3 minuter\" \/>\n<script type=\"application\/ld+json\" class=\"yoast-schema-graph\">{\"@context\":\"https:\\\/\\\/schema.org\",\"@graph\":[{\"@type\":\"WebPage\",\"@id\":\"https:\\\/\\\/www.saljpoolen.se\\\/sv\\\/vi-ar-saljpoolen\",\"url\":\"https:\\\/\\\/www.saljpoolen.se\\\/sv\\\/vi-ar-saljpoolen\",\"name\":\"Vi \u00e4r S\u00e4ljpoolen | S\u00e4ljpoolen\",\"isPartOf\":{\"@id\":\"https:\\\/\\\/www.saljpoolen.se\\\/sv\\\/#website\"},\"primaryImageOfPage\":{\"@id\":\"https:\\\/\\\/www.saljpoolen.se\\\/sv\\\/vi-ar-saljpoolen#primaryimage\"},\"image\":{\"@id\":\"https:\\\/\\\/www.saljpoolen.se\\\/sv\\\/vi-ar-saljpoolen#primaryimage\"},\"thumbnailUrl\":\"https:\\\/\\\/www.saljpoolen.se\\\/wp-content\\\/uploads\\\/2022\\\/11\\\/vi-ar-saljpoolen-6.jpg\",\"datePublished\":\"2022-10-05T12:25:39+00:00\",\"dateModified\":\"2024-10-07T12:17:56+00:00\",\"description\":\"V\u00e5rt fokus har tagit oss till att vara det f\u00f6retag i Sverige som tills\u00e4tter flest s\u00e4ljroller samt ledare och specialister inom s\u00e4lj och marknad.\",\"breadcrumb\":{\"@id\":\"https:\\\/\\\/www.saljpoolen.se\\\/sv\\\/vi-ar-saljpoolen#breadcrumb\"},\"inLanguage\":\"sv-SE\",\"potentialAction\":[{\"@type\":\"ReadAction\",\"target\":[\"https:\\\/\\\/www.saljpoolen.se\\\/sv\\\/vi-ar-saljpoolen\"]}]},{\"@type\":\"ImageObject\",\"inLanguage\":\"sv-SE\",\"@id\":\"https:\\\/\\\/www.saljpoolen.se\\\/sv\\\/vi-ar-saljpoolen#primaryimage\",\"url\":\"https:\\\/\\\/www.saljpoolen.se\\\/wp-content\\\/uploads\\\/2022\\\/11\\\/vi-ar-saljpoolen-6.jpg\",\"contentUrl\":\"https:\\\/\\\/www.saljpoolen.se\\\/wp-content\\\/uploads\\\/2022\\\/11\\\/vi-ar-saljpoolen-6.jpg\"},{\"@type\":\"BreadcrumbList\",\"@id\":\"https:\\\/\\\/www.saljpoolen.se\\\/sv\\\/vi-ar-saljpoolen#breadcrumb\",\"itemListElement\":[{\"@type\":\"ListItem\",\"position\":1,\"name\":\"Home\",\"item\":\"https:\\\/\\\/www.saljpoolen.se\\\/sv\"},{\"@type\":\"ListItem\",\"position\":2,\"name\":\"Vi \u00e4r S\u00e4ljpoolen\"}]},{\"@type\":\"WebSite\",\"@id\":\"https:\\\/\\\/www.saljpoolen.se\\\/sv\\\/#website\",\"url\":\"https:\\\/\\\/www.saljpoolen.se\\\/sv\\\/\",\"name\":\"S\u00e4ljpoolen\",\"description\":\"Rekrytering inom s\u00e4lj och marknad\",\"publisher\":{\"@id\":\"https:\\\/\\\/www.saljpoolen.se\\\/sv\\\/#organization\"},\"potentialAction\":[{\"@type\":\"SearchAction\",\"target\":{\"@type\":\"EntryPoint\",\"urlTemplate\":\"https:\\\/\\\/www.saljpoolen.se\\\/sv\\\/?s={search_term_string}\"},\"query-input\":{\"@type\":\"PropertyValueSpecification\",\"valueRequired\":true,\"valueName\":\"search_term_string\"}}],\"inLanguage\":\"sv-SE\"},{\"@type\":\"Organization\",\"@id\":\"https:\\\/\\\/www.saljpoolen.se\\\/sv\\\/#organization\",\"name\":\"S\u00e4ljpoolen i Sverige AB\",\"alternateName\":\"S\u00e4ljpoolen\",\"url\":\"https:\\\/\\\/www.saljpoolen.se\\\/sv\\\/\",\"logo\":{\"@type\":\"ImageObject\",\"inLanguage\":\"sv-SE\",\"@id\":\"https:\\\/\\\/www.saljpoolen.se\\\/sv\\\/#\\\/schema\\\/logo\\\/image\\\/\",\"url\":\"https:\\\/\\\/www.saljpoolen.se\\\/wp-content\\\/uploads\\\/2023\\\/10\\\/2023NOV_SP_boka.png\",\"contentUrl\":\"https:\\\/\\\/www.saljpoolen.se\\\/wp-content\\\/uploads\\\/2023\\\/10\\\/2023NOV_SP_boka.png\",\"width\":800,\"height\":800,\"caption\":\"S\u00e4ljpoolen i Sverige AB\"},\"image\":{\"@id\":\"https:\\\/\\\/www.saljpoolen.se\\\/sv\\\/#\\\/schema\\\/logo\\\/image\\\/\"},\"sameAs\":[\"https:\\\/\\\/www.facebook.com\\\/intensogruppen\",\"https:\\\/\\\/www.linkedin.com\\\/company\\\/s-ljpoolen-i-sverige-ab\\\/\",\"https:\\\/\\\/maps.app.goo.gl\\\/B46pX7H5iAnFf6r98\",\"https:\\\/\\\/share.google\\\/57FGqXhhrhuCYPLxf\",\"https:\\\/\\\/share.google\\\/v4H8FbTJVI7JKviIW\"]}]}<\/script>\n<!-- \/ Yoast SEO plugin. -->","yoast_head_json":{"title":"Vi \u00e4r S\u00e4ljpoolen | S\u00e4ljpoolen","description":"V\u00e5rt fokus har tagit oss till att vara det f\u00f6retag i Sverige som tills\u00e4tter flest s\u00e4ljroller samt ledare och specialister inom s\u00e4lj och marknad.","robots":{"index":"index","follow":"follow","max-snippet":"max-snippet:-1","max-image-preview":"max-image-preview:large","max-video-preview":"max-video-preview:-1"},"canonical":"https:\/\/www.saljpoolen.se\/sv\/vi-ar-saljpoolen","og_locale":"sv_SE","og_type":"article","og_title":"Vi \u00e4r S\u00e4ljpoolen | S\u00e4ljpoolen","og_description":"V\u00e5rt fokus har tagit oss till att vara det f\u00f6retag i Sverige som tills\u00e4tter flest s\u00e4ljroller samt ledare och specialister inom s\u00e4lj och marknad.","og_url":"https:\/\/www.saljpoolen.se\/sv\/vi-ar-saljpoolen","og_site_name":"S\u00e4ljpoolen","article_publisher":"https:\/\/www.facebook.com\/intensogruppen","article_modified_time":"2024-10-07T12:17:56+00:00","og_image":[{"url":"https:\/\/www.saljpoolen.se\/wp-content\/uploads\/2022\/11\/vi-ar-saljpoolen-6.jpg","type":"","width":"","height":""}],"twitter_card":"summary_large_image","twitter_misc":{"Ber\u00e4knad l\u00e4stid":"3 minuter"},"schema":{"@context":"https:\/\/schema.org","@graph":[{"@type":"WebPage","@id":"https:\/\/www.saljpoolen.se\/sv\/vi-ar-saljpoolen","url":"https:\/\/www.saljpoolen.se\/sv\/vi-ar-saljpoolen","name":"Vi \u00e4r S\u00e4ljpoolen | S\u00e4ljpoolen","isPartOf":{"@id":"https:\/\/www.saljpoolen.se\/sv\/#website"},"primaryImageOfPage":{"@id":"https:\/\/www.saljpoolen.se\/sv\/vi-ar-saljpoolen#primaryimage"},"image":{"@id":"https:\/\/www.saljpoolen.se\/sv\/vi-ar-saljpoolen#primaryimage"},"thumbnailUrl":"https:\/\/www.saljpoolen.se\/wp-content\/uploads\/2022\/11\/vi-ar-saljpoolen-6.jpg","datePublished":"2022-10-05T12:25:39+00:00","dateModified":"2024-10-07T12:17:56+00:00","description":"V\u00e5rt fokus har tagit oss till att vara det f\u00f6retag i Sverige som tills\u00e4tter flest s\u00e4ljroller samt ledare och specialister inom s\u00e4lj och marknad.","breadcrumb":{"@id":"https:\/\/www.saljpoolen.se\/sv\/vi-ar-saljpoolen#breadcrumb"},"inLanguage":"sv-SE","potentialAction":[{"@type":"ReadAction","target":["https:\/\/www.saljpoolen.se\/sv\/vi-ar-saljpoolen"]}]},{"@type":"ImageObject","inLanguage":"sv-SE","@id":"https:\/\/www.saljpoolen.se\/sv\/vi-ar-saljpoolen#primaryimage","url":"https:\/\/www.saljpoolen.se\/wp-content\/uploads\/2022\/11\/vi-ar-saljpoolen-6.jpg","contentUrl":"https:\/\/www.saljpoolen.se\/wp-content\/uploads\/2022\/11\/vi-ar-saljpoolen-6.jpg"},{"@type":"BreadcrumbList","@id":"https:\/\/www.saljpoolen.se\/sv\/vi-ar-saljpoolen#breadcrumb","itemListElement":[{"@type":"ListItem","position":1,"name":"Home","item":"https:\/\/www.saljpoolen.se\/sv"},{"@type":"ListItem","position":2,"name":"Vi \u00e4r S\u00e4ljpoolen"}]},{"@type":"WebSite","@id":"https:\/\/www.saljpoolen.se\/sv\/#website","url":"https:\/\/www.saljpoolen.se\/sv\/","name":"S\u00e4ljpoolen","description":"Rekrytering inom s\u00e4lj och marknad","publisher":{"@id":"https:\/\/www.saljpoolen.se\/sv\/#organization"},"potentialAction":[{"@type":"SearchAction","target":{"@type":"EntryPoint","urlTemplate":"https:\/\/www.saljpoolen.se\/sv\/?s={search_term_string}"},"query-input":{"@type":"PropertyValueSpecification","valueRequired":true,"valueName":"search_term_string"}}],"inLanguage":"sv-SE"},{"@type":"Organization","@id":"https:\/\/www.saljpoolen.se\/sv\/#organization","name":"S\u00e4ljpoolen i Sverige AB","alternateName":"S\u00e4ljpoolen","url":"https:\/\/www.saljpoolen.se\/sv\/","logo":{"@type":"ImageObject","inLanguage":"sv-SE","@id":"https:\/\/www.saljpoolen.se\/sv\/#\/schema\/logo\/image\/","url":"https:\/\/www.saljpoolen.se\/wp-content\/uploads\/2023\/10\/2023NOV_SP_boka.png","contentUrl":"https:\/\/www.saljpoolen.se\/wp-content\/uploads\/2023\/10\/2023NOV_SP_boka.png","width":800,"height":800,"caption":"S\u00e4ljpoolen i Sverige AB"},"image":{"@id":"https:\/\/www.saljpoolen.se\/sv\/#\/schema\/logo\/image\/"},"sameAs":["https:\/\/www.facebook.com\/intensogruppen","https:\/\/www.linkedin.com\/company\/s-ljpoolen-i-sverige-ab\/","https:\/\/maps.app.goo.gl\/B46pX7H5iAnFf6r98","https:\/\/share.google\/57FGqXhhrhuCYPLxf","https:\/\/share.google\/v4H8FbTJVI7JKviIW"]}]}},"_links":{"self":[{"href":"https:\/\/www.saljpoolen.se\/sv\/wp-json\/wp\/v2\/pages\/885","targetHints":{"allow":["GET"]}}],"collection":[{"href":"https:\/\/www.saljpoolen.se\/sv\/wp-json\/wp\/v2\/pages"}],"about":[{"href":"https:\/\/www.saljpoolen.se\/sv\/wp-json\/wp\/v2\/types\/page"}],"author":[{"embeddable":true,"href":"https:\/\/www.saljpoolen.se\/sv\/wp-json\/wp\/v2\/users\/1"}],"replies":[{"embeddable":true,"href":"https:\/\/www.saljpoolen.se\/sv\/wp-json\/wp\/v2\/comments?post=885"}],"version-history":[{"count":53,"href":"https:\/\/www.saljpoolen.se\/sv\/wp-json\/wp\/v2\/pages\/885\/revisions"}],"predecessor-version":[{"id":5206,"href":"https:\/\/www.saljpoolen.se\/sv\/wp-json\/wp\/v2\/pages\/885\/revisions\/5206"}],"wp:attachment":[{"href":"https:\/\/www.saljpoolen.se\/sv\/wp-json\/wp\/v2\/media?parent=885"}],"curies":[{"name":"wp","href":"https:\/\/api.w.org\/{rel}","templated":true}]}}